{"id":18,"date":"2023-05-10T16:13:14","date_gmt":"2023-05-10T14:13:14","guid":{"rendered":"http:\/\/localhost\/safran\/?page_id=18"},"modified":"2026-04-01T15:59:06","modified_gmt":"2026-04-01T13:59:06","slug":"safran-angouleme","status":"publish","type":"page","link":"https:\/\/safran-angoumois.fr\/","title":{"rendered":"Safran de l&rsquo;Angoumois &#8211; Champniers Safran"},"content":{"rendered":"\n<h2 class=\"wp-block-heading\"><em>Bienvenue sur le site de l\u2019association Safran de l\u2019Angoumois \u2013 Champniers Safran.<\/em><\/h2>\n\n\n<div class=\"wp-block-image\">\n<figure class=\"aligncenter size-full is-resized\"><img loading=\"lazy\" decoding=\"async\" width=\"1000\" height=\"625\" src=\"https:\/\/safran-angoumois.fr\/wp-content\/uploads\/2023\/07\/logoputatif.jpg\" alt=\"\" class=\"wp-image-211\" style=\"width:500px;height:313px\" srcset=\"https:\/\/safran-angoumois.fr\/wp-content\/uploads\/2023\/07\/logoputatif.jpg 1000w, https:\/\/safran-angoumois.fr\/wp-content\/uploads\/2023\/07\/logoputatif-300x188.jpg 300w, https:\/\/safran-angoumois.fr\/wp-content\/uploads\/2023\/07\/logoputatif-768x480.jpg 768w\" sizes=\"auto, (max-width: 1000px) 100vw, 1000px\" \/><\/figure>\n<\/div>\n\n\n<hr class=\"wp-block-separator has-alpha-channel-opacity\"\/>\n\n\n\n<figure class=\"wp-block-image size-large\"><img loading=\"lazy\" decoding=\"async\" width=\"1024\" height=\"442\" src=\"https:\/\/safran-angoumois.fr\/wp-content\/uploads\/2026\/04\/Logo-2-1024x442.jpg\" alt=\"\" class=\"wp-image-387\" srcset=\"https:\/\/safran-angoumois.fr\/wp-content\/uploads\/2026\/04\/Logo-2-1024x442.jpg 1024w, https:\/\/safran-angoumois.fr\/wp-content\/uploads\/2026\/04\/Logo-2-300x130.jpg 300w, https:\/\/safran-angoumois.fr\/wp-content\/uploads\/2026\/04\/Logo-2-768x332.jpg 768w, https:\/\/safran-angoumois.fr\/wp-content\/uploads\/2026\/04\/Logo-2.jpg 1480w\" sizes=\"auto, (max-width: 1024px) 100vw, 1024px\" \/><\/figure>\n\n\n\n<h2 class=\"wp-block-heading\">Historique<\/h2>\n\n\n\n<p>L\u2019association, cr\u00e9\u00e9e en 2002 par un groupe de sensibilit\u00e9s diff\u00e9rentes ayant pour objectif une meilleure connaissance et pr\u00e9servation du patrimoine, est \u00e0 l\u2019origine du renouveau du safran de l\u2019Angoumois en Charente.<\/p>\n\n\n\n<div class=\"wp-block-columns is-layout-flex wp-container-core-columns-is-layout-9d6595d7 wp-block-columns-is-layout-flex\">\n<div class=\"wp-block-column is-layout-flow wp-block-column-is-layout-flow\">\n<p>Les adh\u00e9rents sont majoritairement des agriculteurs orient\u00e9s vers la vigne et la truffe, mais aussi des femmes d\u2019agriculteurs, des retrait\u00e9s et des passionn\u00e9s. Parmi ceux-ci, nous pouvons citer Monique et Andr\u00e9 Pierronnet, chani\u00e9raux qui se sont pris de passion pour le safran d\u00e8s 1979. Ils se sont tr\u00e8s rapidement lanc\u00e9s dans la culture des bulbes donnant la pr\u00e9cieuse \u00e9pice.<br>Parmi les passionn\u00e9s, on peut citer les pr\u00e9sidentes de l\u2019association<\/p>\n\n\n\n<div class=\"wp-block-columns is-layout-flex wp-container-core-columns-is-layout-9d6595d7 wp-block-columns-is-layout-flex\">\n<div class=\"wp-block-column is-vertically-aligned-top is-layout-flow wp-block-column-is-layout-flow\" style=\"flex-basis:66.66%\"><div class=\"wp-block-image\">\n<figure class=\"alignright size-full is-resized\"><img loading=\"lazy\" decoding=\"async\" width=\"1000\" height=\"625\" src=\"https:\/\/safran-angoumois.fr\/wp-content\/uploads\/2023\/07\/maite-bardoux-la-presidente.jpg\" alt=\"\" class=\"wp-image-200\" style=\"width:500px;height:313px\" srcset=\"https:\/\/safran-angoumois.fr\/wp-content\/uploads\/2023\/07\/maite-bardoux-la-presidente.jpg 1000w, https:\/\/safran-angoumois.fr\/wp-content\/uploads\/2023\/07\/maite-bardoux-la-presidente-300x188.jpg 300w, https:\/\/safran-angoumois.fr\/wp-content\/uploads\/2023\/07\/maite-bardoux-la-presidente-768x480.jpg 768w\" sizes=\"auto, (max-width: 1000px) 100vw, 1000px\" \/><figcaption class=\"wp-element-caption\">Ma\u00efte Bardoux-Basti\u00e9 <br>de 2002 \u00e0 2017<\/figcaption><\/figure>\n<\/div><\/div>\n\n\n\n<div class=\"wp-block-column is-layout-flow wp-block-column-is-layout-flow\" style=\"flex-basis:33.33%\"><div class=\"wp-block-image\">\n<figure class=\"alignleft size-full\"><img loading=\"lazy\" decoding=\"async\" width=\"220\" height=\"308\" src=\"https:\/\/safran-angoumois.fr\/wp-content\/uploads\/2023\/07\/lamoureux.jpg\" alt=\"\" class=\"wp-image-198\" srcset=\"https:\/\/safran-angoumois.fr\/wp-content\/uploads\/2023\/07\/lamoureux.jpg 220w, https:\/\/safran-angoumois.fr\/wp-content\/uploads\/2023\/07\/lamoureux-214x300.jpg 214w\" sizes=\"auto, (max-width: 220px) 100vw, 220px\" \/><figcaption class=\"wp-element-caption\">Sylvie Plasseraud <br>de 2017 \u00e0 2023<\/figcaption><\/figure>\n<\/div><\/div>\n<\/div>\n<\/div>\n<\/div>\n\n\n\n<h2 class=\"wp-block-heading\">Origine<\/h2>\n\n\n\n<div class=\"wp-block-columns is-layout-flex wp-container-core-columns-is-layout-9d6595d7 wp-block-columns-is-layout-flex\">\n<div class=\"wp-block-column is-layout-flow wp-block-column-is-layout-flow\" style=\"flex-basis:33.33%\"><div class=\"wp-block-image\">\n<figure class=\"aligncenter size-full\"><img loading=\"lazy\" decoding=\"async\" width=\"360\" height=\"408\" src=\"https:\/\/safran-angoumois.fr\/wp-content\/uploads\/2023\/07\/armoiries.jpeg\" alt=\"\" class=\"wp-image-185\" srcset=\"https:\/\/safran-angoumois.fr\/wp-content\/uploads\/2023\/07\/armoiries.jpeg 360w, https:\/\/safran-angoumois.fr\/wp-content\/uploads\/2023\/07\/armoiries-265x300.jpeg 265w\" sizes=\"auto, (max-width: 360px) 100vw, 360px\" \/><\/figure>\n<\/div><\/div>\n\n\n\n<div class=\"wp-block-column is-vertically-aligned-center is-layout-flow wp-block-column-is-layout-flow\" style=\"flex-basis:66.66%\">\n<p>Notre association a son si\u00e8ge \u00e0 Champniers, nom d\u2019une commune de l\u2019Angoumois dont l\u2019histoire est intimement li\u00e9e \u00e0 celle du safran. Une longue histoire, qui a commenc\u00e9 en 1292, avec la cr\u00e9ation du fief des Tizon d\u2019Argence \u00e0 Champniers, qui, \u00e0 leur retour des croisades, rapport\u00e8rent quelques pr\u00e9cieux oignons. A l\u2019\u00e9poque, la culture restait familiale voire confidentielle. On la trouvait essentiellement dans des petits coins de jardins pour \u00eatre en mesure de pr\u00e9parer la fameuse soupe jaune que l\u2019on consommait au moment des f\u00eates.<\/p>\n\n\n\n<p><em>Ci-contre le Blason des Tizon d&rsquo;Argence.<\/em><\/p>\n<\/div>\n<\/div>\n\n\n\n<div class=\"wp-block-columns is-layout-flex wp-container-core-columns-is-layout-9d6595d7 wp-block-columns-is-layout-flex\">\n<div class=\"wp-block-column is-vertically-aligned-center is-layout-flow wp-block-column-is-layout-flow\">\n<p>Des manuscrits enlumin\u00e9s m\u00e9di\u00e9vaux europ\u00e9ens utilisent souvent de la teinture de safran pour fournir des nuances de jaune et d&rsquo;orange, telles que dans cette peinture du xiiie si\u00e8cle repr\u00e9sentant l&rsquo;assassinat de l&rsquo;archev\u00eaque de Cantorb\u00e9ry Thomas Becket.<\/p>\n\n\n\n<p>Plus tard au XVIIe si\u00e8cle, Jacques Guy, alli\u00e9 de la famille La Rochefoucauld, \u00e9cuyer, Sieur de Puy Robert, du Breuil de Champniers, de Viville et de Sigogne, demanda l\u2019appui du Roi pour d\u00e9velopper cette culture, qui se pratiquait dans tout l\u2019Angoumois, mais plus particuli\u00e8rement \u00e0 Champniers et dans les communes alentours. Il obtint de Louis XIV, par lettres patentes de 1651, la concession des foires et des march\u00e9s, qui se tenaient dans le bourg. Apr\u00e8s cet \u00e9dit du roi, la culture du safran \u00e9tait donc reconnue officiellement. A cette \u00e9poque, la fortune des Chani\u00e9reaux \u00e9tait \u00e0 son apog\u00e9e. Un demi-arpent de terre pouvait produire 3 livres et demie de safran.<\/p>\n<\/div>\n\n\n\n<div class=\"wp-block-column is-layout-flow wp-block-column-is-layout-flow\"><div class=\"wp-block-image\">\n<figure class=\"aligncenter size-full\"><img loading=\"lazy\" decoding=\"async\" width=\"600\" height=\"846\" src=\"https:\/\/safran-angoumois.fr\/wp-content\/uploads\/2023\/07\/meurtre-archeveque-cantorberyr.jpg\" alt=\"\" class=\"wp-image-201\" srcset=\"https:\/\/safran-angoumois.fr\/wp-content\/uploads\/2023\/07\/meurtre-archeveque-cantorberyr.jpg 600w, https:\/\/safran-angoumois.fr\/wp-content\/uploads\/2023\/07\/meurtre-archeveque-cantorberyr-213x300.jpg 213w\" sizes=\"auto, (max-width: 600px) 100vw, 600px\" \/><\/figure>\n<\/div><\/div>\n<\/div>\n\n\n\n<p>Malheureusement plusieurs hivers particuli\u00e8rement rigoureux avec des temp\u00e9ratures en dessous de -20 degr\u00e9s, en 1709 et 1765, d\u00e9truirent beaucoup de bulbes. La culture du bl\u00e9 et de la vigne, n\u00e9cessitant moins de main d\u2019\u0153uvre, remplac\u00e8rent alors celle du safran.<\/p>\n\n\n\n<p>Pourtant, en 1835, on produisait encore 600 kilos de safran en Charente.<\/p>\n\n\n\n<p>Les champs destin\u00e9s \u00e0 la culture du safran disparurent compl\u00e8tement apr\u00e8s la premi\u00e8re guerre mondiale.<\/p>\n","protected":false},"excerpt":{"rendered":"<p>Bienvenue sur le site de l\u2019association Safran de l\u2019Angoumois \u2013 Champniers Safran. Historique L\u2019association, cr\u00e9\u00e9e en 2002 par un groupe de sensibilit\u00e9s diff\u00e9rentes ayant pour objectif une meilleure connaissance et pr\u00e9servation du patrimoine, est \u00e0 l\u2019origine du renouveau du safran de l\u2019Angoumois en Charente. Les adh\u00e9rents sont majoritairement des agriculteurs&#8230;<\/p>\n","protected":false},"author":1,"featured_media":0,"parent":0,"menu_order":0,"comment_status":"closed","ping_status":"closed","template":"","meta":{"footnotes":""},"class_list":["post-18","page","type-page","status-publish","hentry"],"yoast_head":"<!-- This site is optimized with the Yoast SEO plugin v20.12 - https:\/\/yoast.com\/wordpress\/plugins\/seo\/ -->\n<title>Safran de l&#039;Angoumois - Association de Producteurs et Utilisateurs<\/title>\n<meta name=\"description\" content=\"Association qui depuis plus de 20 ans promeut la culture et l&#039;utilisation de cette \u00e9pice import\u00e9e en Angoumois au XII\u00e8me si\u00e8cle.\" \/>\n<meta name=\"robots\" content=\"index, follow, max-snippet:-1, max-image-preview:large, max-video-preview:-1\" \/>\n<link rel=\"canonical\" href=\"https:\/\/safran-angoumois.fr\/\" \/>\n<meta property=\"og:locale\" content=\"fr_FR\" \/>\n<meta property=\"og:type\" content=\"article\" \/>\n<meta property=\"og:title\" content=\"Safran de l&#039;Angoumois - Association de Producteurs et Utilisateurs\" \/>\n<meta property=\"og:description\" content=\"Association qui depuis plus de 20 ans promeut la culture et l&#039;utilisation de cette \u00e9pice import\u00e9e en Angoumois au XII\u00e8me si\u00e8cle.\" \/>\n<meta property=\"og:url\" content=\"https:\/\/safran-angoumois.fr\/\" \/>\n<meta property=\"og:site_name\" content=\"Safran de l&#039;Angoumois\" \/>\n<meta property=\"article:modified_time\" content=\"2026-04-01T13:59:06+00:00\" \/>\n<meta property=\"og:image\" content=\"http:\/\/safran-angoumois.fr\/wp-content\/uploads\/2023\/07\/logoputatif.jpg\" \/>\n<meta name=\"twitter:card\" content=\"summary_large_image\" \/>\n<meta name=\"twitter:label1\" content=\"Dur\u00e9e de lecture estim\u00e9e\" \/>\n\t<meta name=\"twitter:data1\" content=\"4 minutes\" \/>\n<script type=\"application\/ld+json\" class=\"yoast-schema-graph\">{\"@context\":\"https:\/\/schema.org\",\"@graph\":[{\"@type\":\"WebPage\",\"@id\":\"https:\/\/safran-angoumois.fr\/\",\"url\":\"https:\/\/safran-angoumois.fr\/\",\"name\":\"Safran de l'Angoumois - Association de Producteurs et Utilisateurs\",\"isPartOf\":{\"@id\":\"https:\/\/safran-angoumois.fr\/#website\"},\"datePublished\":\"2023-05-10T14:13:14+00:00\",\"dateModified\":\"2026-04-01T13:59:06+00:00\",\"description\":\"Association qui depuis plus de 20 ans promeut la culture et l'utilisation de cette \u00e9pice import\u00e9e en Angoumois au XII\u00e8me si\u00e8cle.\",\"breadcrumb\":{\"@id\":\"https:\/\/safran-angoumois.fr\/#breadcrumb\"},\"inLanguage\":\"fr-FR\",\"potentialAction\":[{\"@type\":\"ReadAction\",\"target\":[\"https:\/\/safran-angoumois.fr\/\"]}]},{\"@type\":\"BreadcrumbList\",\"@id\":\"https:\/\/safran-angoumois.fr\/#breadcrumb\",\"itemListElement\":[{\"@type\":\"ListItem\",\"position\":1,\"name\":\"Accueil\",\"item\":\"https:\/\/safran-angoumois.fr\/\"},{\"@type\":\"ListItem\",\"position\":2,\"name\":\"Safran de l&rsquo;Angoumois &#8211; Champniers Safran\"}]},{\"@type\":\"WebSite\",\"@id\":\"https:\/\/safran-angoumois.fr\/#website\",\"url\":\"https:\/\/safran-angoumois.fr\/\",\"name\":\"Safran de l&#039;Angoumois\",\"description\":\"Le safran, culture et gastronomie en Angoumois\",\"potentialAction\":[{\"@type\":\"SearchAction\",\"target\":{\"@type\":\"EntryPoint\",\"urlTemplate\":\"https:\/\/safran-angoumois.fr\/?s={search_term_string}\"},\"query-input\":\"required name=search_term_string\"}],\"inLanguage\":\"fr-FR\"}]}<\/script>\n<!-- \/ Yoast SEO plugin. -->","yoast_head_json":{"title":"Safran de l'Angoumois - Association de Producteurs et Utilisateurs","description":"Association qui depuis plus de 20 ans promeut la culture et l'utilisation de cette \u00e9pice import\u00e9e en Angoumois au XII\u00e8me si\u00e8cle.","robots":{"index":"index","follow":"follow","max-snippet":"max-snippet:-1","max-image-preview":"max-image-preview:large","max-video-preview":"max-video-preview:-1"},"canonical":"https:\/\/safran-angoumois.fr\/","og_locale":"fr_FR","og_type":"article","og_title":"Safran de l'Angoumois - Association de Producteurs et Utilisateurs","og_description":"Association qui depuis plus de 20 ans promeut la culture et l'utilisation de cette \u00e9pice import\u00e9e en Angoumois au XII\u00e8me si\u00e8cle.","og_url":"https:\/\/safran-angoumois.fr\/","og_site_name":"Safran de l&#039;Angoumois","article_modified_time":"2026-04-01T13:59:06+00:00","og_image":[{"url":"http:\/\/safran-angoumois.fr\/wp-content\/uploads\/2023\/07\/logoputatif.jpg"}],"twitter_card":"summary_large_image","twitter_misc":{"Dur\u00e9e de lecture estim\u00e9e":"4 minutes"},"schema":{"@context":"https:\/\/schema.org","@graph":[{"@type":"WebPage","@id":"https:\/\/safran-angoumois.fr\/","url":"https:\/\/safran-angoumois.fr\/","name":"Safran de l'Angoumois - Association de Producteurs et Utilisateurs","isPartOf":{"@id":"https:\/\/safran-angoumois.fr\/#website"},"datePublished":"2023-05-10T14:13:14+00:00","dateModified":"2026-04-01T13:59:06+00:00","description":"Association qui depuis plus de 20 ans promeut la culture et l'utilisation de cette \u00e9pice import\u00e9e en Angoumois au XII\u00e8me si\u00e8cle.","breadcrumb":{"@id":"https:\/\/safran-angoumois.fr\/#breadcrumb"},"inLanguage":"fr-FR","potentialAction":[{"@type":"ReadAction","target":["https:\/\/safran-angoumois.fr\/"]}]},{"@type":"BreadcrumbList","@id":"https:\/\/safran-angoumois.fr\/#breadcrumb","itemListElement":[{"@type":"ListItem","position":1,"name":"Accueil","item":"https:\/\/safran-angoumois.fr\/"},{"@type":"ListItem","position":2,"name":"Safran de l&rsquo;Angoumois &#8211; Champniers Safran"}]},{"@type":"WebSite","@id":"https:\/\/safran-angoumois.fr\/#website","url":"https:\/\/safran-angoumois.fr\/","name":"Safran de l&#039;Angoumois","description":"Le safran, culture et gastronomie en Angoumois","potentialAction":[{"@type":"SearchAction","target":{"@type":"EntryPoint","urlTemplate":"https:\/\/safran-angoumois.fr\/?s={search_term_string}"},"query-input":"required name=search_term_string"}],"inLanguage":"fr-FR"}]}},"_links":{"self":[{"href":"https:\/\/safran-angoumois.fr\/index.php\/wp-json\/wp\/v2\/pages\/18","targetHints":{"allow":["GET"]}}],"collection":[{"href":"https:\/\/safran-angoumois.fr\/index.php\/wp-json\/wp\/v2\/pages"}],"about":[{"href":"https:\/\/safran-angoumois.fr\/index.php\/wp-json\/wp\/v2\/types\/page"}],"author":[{"embeddable":true,"href":"https:\/\/safran-angoumois.fr\/index.php\/wp-json\/wp\/v2\/users\/1"}],"replies":[{"embeddable":true,"href":"https:\/\/safran-angoumois.fr\/index.php\/wp-json\/wp\/v2\/comments?post=18"}],"version-history":[{"count":14,"href":"https:\/\/safran-angoumois.fr\/index.php\/wp-json\/wp\/v2\/pages\/18\/revisions"}],"predecessor-version":[{"id":388,"href":"https:\/\/safran-angoumois.fr\/index.php\/wp-json\/wp\/v2\/pages\/18\/revisions\/388"}],"wp:attachment":[{"href":"https:\/\/safran-angoumois.fr\/index.php\/wp-json\/wp\/v2\/media?parent=18"}],"curies":[{"name":"wp","href":"https:\/\/api.w.org\/{rel}","templated":true}]}}